{"id":3405,"date":"2023-04-12T14:30:26","date_gmt":"2023-04-12T12:30:26","guid":{"rendered":"https:\/\/milco.ch\/?page_id=3405"},"modified":"2024-02-22T14:44:24","modified_gmt":"2024-02-22T13:44:24","slug":"lait-fribourg","status":"publish","type":"page","link":"https:\/\/www.milco.ch\/de\/lait-fribourg\/","title":{"rendered":"Milch aus dem Freiburger Land"},"content":{"rendered":"\n[et_pb_section fb_built=\u00a0\u00bb1&Prime; _builder_version=\u00a0\u00bb4.19.5&Prime; _module_preset=\u00a0\u00bbdefault\u00a0\u00bb background_image=\u00a0\u00bbhttps:\/\/milco.ch\/wp-content\/uploads\/2023\/06\/iStock-1455422953.jpg\u00a0\u00bb background_position=\u00a0\u00bbbottom_center\u00a0\u00bb background_vertical_offset=\u00a0\u00bb50%\u00a0\u00bb min_height=\u00a0\u00bb350px\u00a0\u00bb global_colors_info=\u00a0\u00bb{}\u00a0\u00bb][\/et_pb_section][et_pb_section fb_built=\u00a0\u00bb1&Prime; module_id=\u00a0\u00bblait\u00a0\u00bb _builder_version=\u00a0\u00bb4.17.6&Prime; _module_preset=\u00a0\u00bbdefault\u00a0\u00bb background_enable_color=\u00a0\u00bboff\u00a0\u00bb global_colors_info=\u00a0\u00bb{}\u00a0\u00bb][et_pb_row _builder_version=\u00a0\u00bb4.17.6&Prime; _module_preset=\u00a0\u00bbdefault\u00a0\u00bb background_color=\u00a0\u00bbrgba(143,143,143,0.08)\u00a0\u00bb width=\u00a0\u00bb100%\u00a0\u00bb max_width=\u00a0\u00bb2560px\u00a0\u00bb custom_margin=\u00a0\u00bb-54px||||false|false\u00a0\u00bb global_colors_info=\u00a0\u00bb{}\u00a0\u00bb][et_pb_column type=\u00a0\u00bb4_4&Prime; _builder_version=\u00a0\u00bb4.17.6&Prime; _module_preset=\u00a0\u00bbdefault\u00a0\u00bb global_colors_info=\u00a0\u00bb{}\u00a0\u00bb][et_pb_text _builder_version=\u00a0\u00bb4.24.0&Prime; _module_preset=\u00a0\u00bbdefault\u00a0\u00bb global_colors_info=\u00a0\u00bb{}\u00a0\u00bb]<h1 style=\"text-align: center;\">Lait du Pays de Fribourg<\/h1>[\/et_pb_text][\/et_pb_column][\/et_pb_row][et_pb_row _builder_version=\u00a0\u00bb4.17.6&Prime; _module_preset=\u00a0\u00bbdefault\u00a0\u00bb global_colors_info=\u00a0\u00bb{}\u00a0\u00bb][et_pb_column type=\u00a0\u00bb4_4&Prime; _builder_version=\u00a0\u00bb4.17.6&Prime; _module_preset=\u00a0\u00bbdefault\u00a0\u00bb global_colors_info=\u00a0\u00bb{}\u00a0\u00bb][dica_divi_carousel loop=\u00a0\u00bbon\u00a0\u00bb autoplay=\u00a0\u00bbon\u00a0\u00bb hoverpause=\u00a0\u00bbon\u00a0\u00bb autoplay_speed=\u00a0\u00bb2000&Prime; arrow_nav=\u00a0\u00bbon\u00a0\u00bb item_spacing=\u00a0\u00bb40&Prime; item_vertical_align=\u00a0\u00bbflex-end\u00a0\u00bb advanced_effect=\u00a0\u00bb1&Prime; arrow_bg_color=\u00a0\u00bbrgba(255,255,255,0)\u00a0\u00bb _builder_version=\u00a0\u00bb4.24.2&Prime; _module_preset=\u00a0\u00bbdefault\u00a0\u00bb title_text_align=\u00a0\u00bbcenter\u00a0\u00bb global_colors_info=\u00a0\u00bb{}\u00a0\u00bb][dica_divi_carouselitem title=\u00a0\u00bbLait entier\u00a0\u00bb sub_title=\u00a0\u00bb1l\u00a0\u00bb button_url_new_window=\u00a0\u00bb1&Prime; title_position=\u00a0\u00bbbottom\u00a0\u00bb subtitle_position=\u00a0\u00bbbottom\u00a0\u00bb _builder_version=\u00a0\u00bb4.24.0&Prime; _module_preset=\u00a0\u00bbdefault\u00a0\u00bb subtitle_text_align=\u00a0\u00bbcenter\u00a0\u00bb subtitle_font_size=\u00a0\u00bb14px\u00a0\u00bb link_option_url=\u00a0\u00bbhttps:\/\/milco.ch\/laits\/#laits\u00a0\u00bb subtitle_letter_spacing_tablet=\u00a0\u00bb\u00a0\u00bb subtitle_letter_spacing_phone=\u00a0\u00bb\u00a0\u00bb subtitle_letter_spacing_last_edited=\u00a0\u00bbon|desktop\u00a0\u00bb global_colors_info=\u00a0\u00bb{}\u00a0\u00bb]<p style=\"text-align: center;\"><img decoding=\"async\" src=\"https:\/\/www.milco.ch\/wp-content\/uploads\/2024\/01\/milco_lait_bouteille_entier_1l_hd-150x300.webp\" width=\"150\" height=\"300\" alt=\"\" class=\"wp-image-4613 alignnone size-medium\" srcset=\"https:\/\/www.milco.ch\/wp-content\/uploads\/2024\/01\/milco_lait_bouteille_entier_1l_hd-150x300.webp 150w, https:\/\/www.milco.ch\/wp-content\/uploads\/2024\/01\/milco_lait_bouteille_entier_1l_hd-512x1024.webp 512w, https:\/\/www.milco.ch\/wp-content\/uploads\/2024\/01\/milco_lait_bouteille_entier_1l_hd-768x1536.webp 768w, https:\/\/www.milco.ch\/wp-content\/uploads\/2024\/01\/milco_lait_bouteille_entier_1l_hd-1024x2048.webp 1024w, https:\/\/www.milco.ch\/wp-content\/uploads\/2024\/01\/milco_lait_bouteille_entier_1l_hd-6x12.webp 6w, https:\/\/www.milco.ch\/wp-content\/uploads\/2024\/01\/milco_lait_bouteille_entier_1l_hd-1080x2159.webp 1080w, https:\/\/www.milco.ch\/wp-content\/uploads\/2024\/01\/milco_lait_bouteille_entier_1l_hd-980x1960.webp 980w, https:\/\/www.milco.ch\/wp-content\/uploads\/2024\/01\/milco_lait_bouteille_entier_1l_hd-480x960.webp 480w, https:\/\/www.milco.ch\/wp-content\/uploads\/2024\/01\/milco-lait-du-pays-de-fribourg-entier-1l-hd.webp 1280w\" sizes=\"(max-width: 150px) 100vw, 150px\" \/><\/p>[\/dica_divi_carouselitem][dica_divi_carouselitem title=\u00a0\u00bbLait drink\u00a0\u00bb sub_title=\u00a0\u00bb1l\u00a0\u00bb button_url_new_window=\u00a0\u00bb1&Prime; title_position=\u00a0\u00bbbottom\u00a0\u00bb subtitle_position=\u00a0\u00bbbottom\u00a0\u00bb _builder_version=\u00a0\u00bb4.24.0&Prime; _module_preset=\u00a0\u00bbdefault\u00a0\u00bb subtitle_text_align=\u00a0\u00bbcenter\u00a0\u00bb subtitle_font_size=\u00a0\u00bb14px\u00a0\u00bb link_option_url=\u00a0\u00bbhttps:\/\/milco.ch\/laits\/#laits\u00a0\u00bb subtitle_letter_spacing_tablet=\u00a0\u00bb\u00a0\u00bb subtitle_letter_spacing_phone=\u00a0\u00bb\u00a0\u00bb subtitle_letter_spacing_last_edited=\u00a0\u00bbon|desktop\u00a0\u00bb global_colors_info=\u00a0\u00bb{}\u00a0\u00bb]<p style=\"text-align: center;\"><img decoding=\"async\" src=\"https:\/\/www.milco.ch\/wp-content\/uploads\/2024\/01\/milco_lait_bouteille_drink_1l_hd-150x300.webp\" width=\"150\" height=\"300\" alt=\"\" class=\"wp-image-4612 alignnone size-medium\" srcset=\"https:\/\/www.milco.ch\/wp-content\/uploads\/2024\/01\/milco_lait_bouteille_drink_1l_hd-150x300.webp 150w, https:\/\/www.milco.ch\/wp-content\/uploads\/2024\/01\/milco_lait_bouteille_drink_1l_hd-512x1024.webp 512w, https:\/\/www.milco.ch\/wp-content\/uploads\/2024\/01\/milco_lait_bouteille_drink_1l_hd-768x1536.webp 768w, https:\/\/www.milco.ch\/wp-content\/uploads\/2024\/01\/milco_lait_bouteille_drink_1l_hd-1024x2048.webp 1024w, https:\/\/www.milco.ch\/wp-content\/uploads\/2024\/01\/milco_lait_bouteille_drink_1l_hd-6x12.webp 6w, https:\/\/www.milco.ch\/wp-content\/uploads\/2024\/01\/milco_lait_bouteille_drink_1l_hd-1080x2159.webp 1080w, https:\/\/www.milco.ch\/wp-content\/uploads\/2024\/01\/milco_lait_bouteille_drink_1l_hd-980x1960.webp 980w, https:\/\/www.milco.ch\/wp-content\/uploads\/2024\/01\/milco_lait_bouteille_drink_1l_hd-480x960.webp 480w, https:\/\/www.milco.ch\/wp-content\/uploads\/2024\/01\/milco-lait-du-pays-de-fribourg-drink-1l-hd.webp 1280w\" sizes=\"(max-width: 150px) 100vw, 150px\" \/><\/p>[\/dica_divi_carouselitem][dica_divi_carouselitem title=\u00a0\u00bbLait bio\u00a0\u00bb sub_title=\u00a0\u00bb1l\u00a0\u00bb button_url_new_window=\u00a0\u00bb1&Prime; title_position=\u00a0\u00bbbottom\u00a0\u00bb subtitle_position=\u00a0\u00bbbottom\u00a0\u00bb _builder_version=\u00a0\u00bb4.24.0&Prime; _module_preset=\u00a0\u00bbdefault\u00a0\u00bb subtitle_text_align=\u00a0\u00bbcenter\u00a0\u00bb subtitle_font_size=\u00a0\u00bb14px\u00a0\u00bb global_colors_info=\u00a0\u00bb{}\u00a0\u00bb]<p style=\"text-align: center;\"><img decoding=\"async\" src=\"https:\/\/www.milco.ch\/wp-content\/uploads\/2024\/01\/milco_lait_bouteille_bio_1l_hd-150x300.webp\" width=\"150\" height=\"300\" alt=\"\" class=\"wp-image-4611 alignnone size-medium\" srcset=\"https:\/\/www.milco.ch\/wp-content\/uploads\/2024\/01\/milco_lait_bouteille_bio_1l_hd-150x300.webp 150w, https:\/\/www.milco.ch\/wp-content\/uploads\/2024\/01\/milco_lait_bouteille_bio_1l_hd-512x1024.webp 512w, https:\/\/www.milco.ch\/wp-content\/uploads\/2024\/01\/milco_lait_bouteille_bio_1l_hd-768x1536.webp 768w, https:\/\/www.milco.ch\/wp-content\/uploads\/2024\/01\/milco_lait_bouteille_bio_1l_hd-1024x2048.webp 1024w, https:\/\/www.milco.ch\/wp-content\/uploads\/2024\/01\/milco_lait_bouteille_bio_1l_hd-6x12.webp 6w, https:\/\/www.milco.ch\/wp-content\/uploads\/2024\/01\/milco_lait_bouteille_bio_1l_hd-1080x2159.webp 1080w, https:\/\/www.milco.ch\/wp-content\/uploads\/2024\/01\/milco_lait_bouteille_bio_1l_hd-980x1960.webp 980w, https:\/\/www.milco.ch\/wp-content\/uploads\/2024\/01\/milco_lait_bouteille_bio_1l_hd-480x960.webp 480w, https:\/\/www.milco.ch\/wp-content\/uploads\/2024\/01\/milco-lait-du-pays-de-fribourg-bio-1l-hd.webp 1280w\" sizes=\"(max-width: 150px) 100vw, 150px\" \/><\/p>[\/dica_divi_carouselitem][dica_divi_carouselitem title=\u00a0\u00bbLait bio\u00a0\u00bb sub_title=\u00a0\u00bb0.5l\u00a0\u00bb button_url_new_window=\u00a0\u00bb1&Prime; title_position=\u00a0\u00bbbottom\u00a0\u00bb subtitle_position=\u00a0\u00bbbottom\u00a0\u00bb _builder_version=\u00a0\u00bb4.24.2&Prime; _module_preset=\u00a0\u00bbdefault\u00a0\u00bb header_line_height=\u00a0\u00bb1em\u00a0\u00bb subtitle_text_align=\u00a0\u00bbcenter\u00a0\u00bb subtitle_font_size=\u00a0\u00bb14px\u00a0\u00bb subtitle_line_height=\u00a0\u00bb1em\u00a0\u00bb link_option_url=\u00a0\u00bbhttps:\/\/milco.ch\/laits\/#laits\u00a0\u00bb global_colors_info=\u00a0\u00bb{}\u00a0\u00bb]<p style=\"text-align: center;\"><img loading=\"lazy\" loading=\"lazy\" decoding=\"async\" src=\"https:\/\/www.milco.ch\/wp-content\/uploads\/2024\/01\/milco-lait-du-pays-de-fribourg-bio-0-5l-hd-225x300.webp\" width=\"225\" height=\"300\" alt=\"\" class=\"wp-image-4610 alignnone size-medium\" \/><\/p>[\/dica_divi_carouselitem][\/dica_divi_carousel][\/et_pb_column][\/et_pb_row][et_pb_row _builder_version=\u00a0\u00bb4.16&Prime; _module_preset=\u00a0\u00bbdefault\u00a0\u00bb custom_margin=\u00a0\u00bb-42px|auto||auto||\u00a0\u00bb global_colors_info=\u00a0\u00bb{}\u00a0\u00bb][et_pb_column type=\u00a0\u00bb4_4&Prime; _builder_version=\u00a0\u00bb4.16&Prime; _module_preset=\u00a0\u00bbdefault\u00a0\u00bb global_colors_info=\u00a0\u00bb{}\u00a0\u00bb][et_pb_text _builder_version=\u00a0\u00bb4.24.2&Prime; _module_preset=\u00a0\u00bbdefault\u00a0\u00bb global_colors_info=\u00a0\u00bb{}\u00a0\u00bb]<h2><strong>D\u00e9couvrez notre lait pasteuris\u00e9, directement des fermes du Pays de Fribourg<\/strong><\/h2>[\/et_pb_text][et_pb_text _builder_version=\u00a0\u00bb4.24.2&Prime; _module_preset=\u00a0\u00bbdefault\u00a0\u00bb custom_padding=\u00a0\u00bb||0px|||\u00a0\u00bb global_colors_info=\u00a0\u00bb{}\u00a0\u00bb]<p><span>Chez Milco, nous sommes fiers de proposer un lait pasteuris\u00e9 d&rsquo;exception. Nous collectons quotidiennement ce lait aupr\u00e8s d&rsquo;environ 80 exploitations agricoles. Ces fermes se situent exclusivement dans le magnifique Pays de Fribourg, \u00e0 moins de 25 kilom\u00e8tres autour de notre site de production. Notre engagement envers la qualit\u00e9 commence d\u00e8s la source. Nous entretenons des relations de confiance et de transparence avec nos producteurs, certains \u00e9tant nos partenaires depuis longtemps.<\/span><\/p>[\/et_pb_text][\/et_pb_column][\/et_pb_row][et_pb_row column_structure=\u00a0\u00bb1_2,1_2&Prime; _builder_version=\u00a0\u00bb4.24.2&Prime; _module_preset=\u00a0\u00bbdefault\u00a0\u00bb global_colors_info=\u00a0\u00bb{}\u00a0\u00bb][et_pb_column type=\u00a0\u00bb1_2&Prime; _builder_version=\u00a0\u00bb4.24.2&Prime; _module_preset=\u00a0\u00bbdefault\u00a0\u00bb global_colors_info=\u00a0\u00bb{}\u00a0\u00bb][et_pb_text _builder_version=\u00a0\u00bb4.24.2&Prime; _module_preset=\u00a0\u00bbdefault\u00a0\u00bb global_colors_info=\u00a0\u00bb{}\u00a0\u00bb]<h2><strong>Une r\u00e9gion riche en biodiversit\u00e9 pour un lait du pays de Fribourg de haute qualit\u00e9<\/strong><\/h2>[\/et_pb_text][et_pb_text _builder_version=\u00a0\u00bb4.24.2&Prime; _module_preset=\u00a0\u00bbdefault\u00a0\u00bb global_colors_info=\u00a0\u00bb{}\u00a0\u00bb]<p><span>Nich\u00e9es au c\u0153ur des Pr\u00e9alpes fribourgeoises, les fermes avec lesquelles nous collaborons b\u00e9n\u00e9ficient d&rsquo;une diversit\u00e9 florale exceptionnelle. Cette diversit\u00e9 conf\u00e8re \u00e0 notre lait une qualit\u00e9 incomparable. Ainsi, nous sommes fiers de pouvoir vous offrir un produit authentique, nourri par les prairies verdoyantes et les p\u00e2turages ensoleill\u00e9s de cette r\u00e9gion.<\/span><\/p>[\/et_pb_text][\/et_pb_column][et_pb_column type=\u00a0\u00bb1_2&Prime; _builder_version=\u00a0\u00bb4.24.2&Prime; _module_preset=\u00a0\u00bbdefault\u00a0\u00bb global_colors_info=\u00a0\u00bb{}\u00a0\u00bb][et_pb_image src=\u00a0\u00bbhttps:\/\/www.milco.ch\/wp-content\/uploads\/2023\/06\/iStock-1319819071-removebg-preview-1.png\u00a0\u00bb title_text=\u00a0\u00bbiStock-1319819071-removebg-preview (1)\u00a0\u00bb _builder_version=\u00a0\u00bb4.24.2&Prime; _module_preset=\u00a0\u00bbdefault\u00a0\u00bb min_height=\u00a0\u00bb100px\u00a0\u00bb height=\u00a0\u00bb709px\u00a0\u00bb max_height=\u00a0\u00bb392px\u00a0\u00bb global_colors_info=\u00a0\u00bb{}\u00a0\u00bb][\/et_pb_image][\/et_pb_column][\/et_pb_row][et_pb_row _builder_version=\u00a0\u00bb4.24.2&Prime; _module_preset=\u00a0\u00bbdefault\u00a0\u00bb global_colors_info=\u00a0\u00bb{}\u00a0\u00bb][et_pb_column type=\u00a0\u00bb4_4&Prime; _builder_version=\u00a0\u00bb4.24.2&Prime; _module_preset=\u00a0\u00bbdefault\u00a0\u00bb global_colors_info=\u00a0\u00bb{}\u00a0\u00bb][et_pb_text _builder_version=\u00a0\u00bb4.24.2&Prime; _module_preset=\u00a0\u00bbdefault\u00a0\u00bb custom_margin=\u00a0\u00bb||7px|||\u00a0\u00bb global_colors_info=\u00a0\u00bb{}\u00a0\u00bb]<h2 style=\"text-align: center;\"><strong>Les bienfaits du lait : plus qu&rsquo;un simple plaisir pour les papilles !<\/strong><\/h2>[\/et_pb_text][et_pb_text _builder_version=\u00a0\u00bb4.24.2&Prime; _module_preset=\u00a0\u00bbdefault\u00a0\u00bb global_colors_info=\u00a0\u00bb{}\u00a0\u00bb]<p>Boire du lait, c&rsquo;est bien plus qu&rsquo;une simple habitude quotidienne &#8211; c&rsquo;est un geste pour votre sant\u00e9 ! Rempli de calcium, de prot\u00e9ines et de vitamines essentielles, notre lait pasteuris\u00e9 est un v\u00e9ritable \u00e9lixir de vie pour vos os, vos muscles et votre syst\u00e8me immunitaire. Alors, pourquoi ne pas vous offrir une d\u00e9licieuse tasse de lait Milco d\u00e8s maintenant ?<\/p>[\/et_pb_text][\/et_pb_column][\/et_pb_row][et_pb_row column_structure=\u00a0\u00bb2_5,3_5&Prime; _builder_version=\u00a0\u00bb4.24.2&Prime; _module_preset=\u00a0\u00bbdefault\u00a0\u00bb global_colors_info=\u00a0\u00bb{}\u00a0\u00bb][et_pb_column type=\u00a0\u00bb2_5&Prime; _builder_version=\u00a0\u00bb4.24.2&Prime; _module_preset=\u00a0\u00bbdefault\u00a0\u00bb global_colors_info=\u00a0\u00bb{}\u00a0\u00bb][et_pb_image src=\u00a0\u00bbhttps:\/\/www.milco.ch\/wp-content\/uploads\/2023\/04\/IPS_Logo_Mengenausgleich_d_f_i_rgb.png\u00a0\u00bb title_text=\u00a0\u00bbIPS_Logo_Mengenausgleich_d_f_i_rgb\u00a0\u00bb _builder_version=\u00a0\u00bb4.24.2&Prime; _module_preset=\u00a0\u00bbdefault\u00a0\u00bb module_alignment=\u00a0\u00bbcenter\u00a0\u00bb max_height=\u00a0\u00bb221px\u00a0\u00bb global_colors_info=\u00a0\u00bb{}\u00a0\u00bb][\/et_pb_image][\/et_pb_column][et_pb_column type=\u00a0\u00bb3_5&Prime; _builder_version=\u00a0\u00bb4.24.2&Prime; _module_preset=\u00a0\u00bbdefault\u00a0\u00bb global_colors_info=\u00a0\u00bb{}\u00a0\u00bb][et_pb_text _builder_version=\u00a0\u00bb4.24.2&Prime; _module_preset=\u00a0\u00bbdefault\u00a0\u00bb custom_margin=\u00a0\u00bb||3px|||\u00a0\u00bb global_colors_info=\u00a0\u00bb{}\u00a0\u00bb]<h2><strong>Des certifications pour garantir une production responsable<\/strong><\/h2>[\/et_pb_text][et_pb_text _builder_version=\u00a0\u00bb4.24.2&Prime; _module_preset=\u00a0\u00bbdefault\u00a0\u00bb global_colors_info=\u00a0\u00bb{}\u00a0\u00bb]<p>Nous sommes heureux de vous annoncer que notre gamme de lait conventionnelle, qu&rsquo;il s&rsquo;agisse du lait entier ou du lait drink, est d\u00e9sormais certifi\u00e9e IP-Suisse. Mais qu&rsquo;est-ce que cela signifie vraiment ? Le lait des pr\u00e9s IP-Suisse garantit une alimentation saine pour nos bovins, privil\u00e9giant l&rsquo;herbage et le foin tout en respectant des crit\u00e8res stricts de biodiversit\u00e9 et de bien-\u00eatre animal.<\/p>[\/et_pb_text][\/et_pb_column][\/et_pb_row][et_pb_row _builder_version=\u00a0\u00bb4.24.2&Prime; _module_preset=\u00a0\u00bbdefault\u00a0\u00bb global_colors_info=\u00a0\u00bb{}\u00a0\u00bb][et_pb_column type=\u00a0\u00bb4_4&Prime; _builder_version=\u00a0\u00bb4.24.2&Prime; _module_preset=\u00a0\u00bbdefault\u00a0\u00bb global_colors_info=\u00a0\u00bb{}\u00a0\u00bb][et_pb_text _builder_version=\u00a0\u00bb4.24.2&Prime; _module_preset=\u00a0\u00bbdefault\u00a0\u00bb custom_margin=\u00a0\u00bb||5px|||\u00a0\u00bb global_colors_info=\u00a0\u00bb{}\u00a0\u00bb]<h2 style=\"text-align: center;\"><strong>Une option bio pour les amateurs de produits biologiques<\/strong><\/h2>[\/et_pb_text][et_pb_text _builder_version=\u00a0\u00bb4.24.2&Prime; _module_preset=\u00a0\u00bbdefault\u00a0\u00bb global_colors_info=\u00a0\u00bb{}\u00a0\u00bb]<p>En plus de notre gamme conventionnelle, nous proposons \u00e9galement du lait bio certifi\u00e9. Nos fermiers partenaires respectent les normes strictes de l&rsquo;agriculture biologique, garantissant un produit de qualit\u00e9 sup\u00e9rieure, exempt de pesticides et d&rsquo;engrais synth\u00e9tiques. Optez pour notre lait bio pour une exp\u00e9rience authentique et respectueuse de l&rsquo;environnement.<\/p>[\/et_pb_text][\/et_pb_column][\/et_pb_row][et_pb_row column_structure=\u00a0\u00bb1_2,1_2&Prime; _builder_version=\u00a0\u00bb4.24.0&Prime; _module_preset=\u00a0\u00bbdefault\u00a0\u00bb custom_padding=\u00a0\u00bb||4px|||\u00a0\u00bb global_colors_info=\u00a0\u00bb{}\u00a0\u00bb][et_pb_column type=\u00a0\u00bb1_2&Prime; _builder_version=\u00a0\u00bb4.24.0&Prime; _module_preset=\u00a0\u00bbdefault\u00a0\u00bb global_colors_info=\u00a0\u00bb{}\u00a0\u00bb][et_pb_image src=\u00a0\u00bbhttps:\/\/www.milco.ch\/wp-content\/uploads\/2024\/01\/Logo-PET-recycling.webp\u00a0\u00bb title_text=\u00a0\u00bbLogo PET recycling\u00a0\u00bb align=\u00a0\u00bbcenter\u00a0\u00bb _builder_version=\u00a0\u00bb4.24.0&Prime; _module_preset=\u00a0\u00bbdefault\u00a0\u00bb global_colors_info=\u00a0\u00bb{}\u00a0\u00bb][\/et_pb_image][\/et_pb_column][et_pb_column type=\u00a0\u00bb1_2&Prime; _builder_version=\u00a0\u00bb4.24.0&Prime; _module_preset=\u00a0\u00bbdefault\u00a0\u00bb global_colors_info=\u00a0\u00bb{}\u00a0\u00bb][et_pb_text _builder_version=\u00a0\u00bb4.24.2&Prime; _module_preset=\u00a0\u00bbdefault\u00a0\u00bb global_colors_info=\u00a0\u00bb{}\u00a0\u00bb]<h2>Pourquoi le PET ?<\/h2>\n<p>&nbsp;<\/p>\n<p>Pour minimiser notre impact sur l&rsquo;environnement, Milco a choisi d&rsquo;utiliser des bouteilles en PET, un mat\u00e9riau 100% recyclable. Mais pourquoi le PET ? En optant pour le PET, nous contribuons activement \u00e0 la r\u00e9duction des d\u00e9chets plastiques tout en maintenant la qualit\u00e9 exceptionnelle que vous connaissez et aimez.<\/p>[\/et_pb_text][\/et_pb_column][\/et_pb_row][et_pb_row _builder_version=\u00a0\u00bb4.19.5&Prime; _module_preset=\u00a0\u00bbdefault\u00a0\u00bb min_height=\u00a0\u00bb150.2px\u00a0\u00bb custom_padding=\u00a0\u00bb||0px|||\u00a0\u00bb global_colors_info=\u00a0\u00bb{}\u00a0\u00bb][et_pb_column type=\u00a0\u00bb4_4&Prime; _builder_version=\u00a0\u00bb4.19.5&Prime; _module_preset=\u00a0\u00bbdefault\u00a0\u00bb global_colors_info=\u00a0\u00bb{}\u00a0\u00bb][et_pb_text _builder_version=\u00a0\u00bb4.24.2&Prime; _module_preset=\u00a0\u00bbdefault\u00a0\u00bb global_colors_info=\u00a0\u00bb{}\u00a0\u00bb]<h2><strong>Un processus de production attentif \u00e0 la qualit\u00e9<\/strong><\/h2>\n<p>\u00c0 notre laiterie de Vuisternens-en-Ogoz, le lait collect\u00e9 est soumis \u00e0 des contr\u00f4les rigoureux avant sa transformation. Mais qu&rsquo;est-ce qui rend notre processus de pasteurisation si particulier ? Notre processus de pasteurisation soigneusement r\u00e9alis\u00e9 assure la conservation du lait tout en pr\u00e9servant ses caract\u00e9ristiques nutritionnelles et son go\u00fbt naturel. Contrairement au lait UHT, notre lait pasteuris\u00e9 est trait\u00e9 \u00e0 des temp\u00e9ratures plus douces, pr\u00e9servant ainsi sa fra\u00eecheur et sa qualit\u00e9.<\/p>\n<p style=\"text-align: justify;\"><\/p>[\/et_pb_text][\/et_pb_column][\/et_pb_row][et_pb_row _builder_version=\u00a0\u00bb4.24.2&Prime; _module_preset=\u00a0\u00bbdefault\u00a0\u00bb custom_padding=\u00a0\u00bb41px||41px||true|\u00a0\u00bb global_colors_info=\u00a0\u00bb{}\u00a0\u00bb][et_pb_column type=\u00a0\u00bb4_4&Prime; _builder_version=\u00a0\u00bb4.24.2&Prime; _module_preset=\u00a0\u00bbdefault\u00a0\u00bb global_colors_info=\u00a0\u00bb{}\u00a0\u00bb][et_pb_text _builder_version=\u00a0\u00bb4.24.2&Prime; _module_preset=\u00a0\u00bbdefault\u00a0\u00bb custom_margin=\u00a0\u00bb||8px|||\u00a0\u00bb global_colors_info=\u00a0\u00bb{}\u00a0\u00bb]<h2><strong>Le lait du Pays de Fribourg disponible d\u00e8s le lendemain dans vos magasins<\/strong><\/h2>[\/et_pb_text][et_pb_text _builder_version=\u00a0\u00bb4.24.2&Prime; _module_preset=\u00a0\u00bbdefault\u00a0\u00bb global_colors_info=\u00a0\u00bb{}\u00a0\u00bb]<p>Conditionn\u00e9 en bouteille, notre lait pasteuris\u00e9 est livr\u00e9 dans la journ\u00e9e et disponible d\u00e8s le lendemain dans les magasins de nos principaux clients. Ainsi, vous pouvez profiter de la fra\u00eecheur et de la qualit\u00e9 de notre lait directement chez vous, en soutenant une agriculture suisse respectueuse de l&rsquo;environnement et durable.<\/p>[\/et_pb_text][\/et_pb_column][\/et_pb_row][et_pb_row _builder_version=\u00a0\u00bb4.24.2&Prime; _module_preset=\u00a0\u00bbdefault\u00a0\u00bb global_colors_info=\u00a0\u00bb{}\u00a0\u00bb][et_pb_column type=\u00a0\u00bb4_4&Prime; _builder_version=\u00a0\u00bb4.24.2&Prime; _module_preset=\u00a0\u00bbdefault\u00a0\u00bb global_colors_info=\u00a0\u00bb{}\u00a0\u00bb][et_pb_text _builder_version=\u00a0\u00bb4.24.2&Prime; _module_preset=\u00a0\u00bbdefault\u00a0\u00bb global_colors_info=\u00a0\u00bb{}\u00a0\u00bb]<h2 style=\"text-align: center;\"><strong>Optez pour Milco et savourez le lait pasteuris\u00e9 du Pays de Fribourg.<\/strong><\/h2>[\/et_pb_text][\/et_pb_column][\/et_pb_row][\/et_pb_section]\n","protected":false},"excerpt":{"rendered":"<p>Milch aus dem Freiburger Land<div class=\"et_pb_module dica_divi_carousel dica_divi_carousel_0\">\n\t\t\t\t\n\t\t\t\t\n\t\t\t\t\n\t\t\t\t\n\t\t\t\t\n\t\t\t\t\n\t\t\t\t<div class=\"et_pb_module_inner\">\n\t\t\t\t\t<div class=\"dica-container  desktop_middle-inside tablet_middle-inside mobile_middle-inside\" data-props='{\"desktop\":\"4\",\"tablet\":\"3\",\"mobile\":\"1\",\"speed\":\"500\",\"arrow\":\"on\",\"dots\":\"off\",\"autoplay\":\"on\",\"autoSpeed\":\"2000\",\"loop\":\"on\",\"item_spacing\":\"40\",\"center_mode\":\"off\",\"slider_effec\":\"1\",\"cover_rotate\":\"50\",\"pause_onhover\":\"on\",\"multislide\":\"off\",\"cfshadow\":\"on\",\"order\":\"0\",\"lazyload\":\"off\",\"lazybefore\":\"off\",\"scroller_effect\":\"off\",\"autowidth\":\"off\",\"item_spacing_tablet\":\"40\",\"item_spacing_phone\":\"40\",\"scroller_speed\":\"4000\",\"hashNavigation\":\"off\",\"simulatetouch\":\"off\",\"allowtouchmove\":\"off\"}'>\r\n\t\t\t\t\t\t\t \t<div class=\"swiper-container\">\r\n\t\t\t\t\t\t\t\t\t<div class=\"swiper-wrapper\"><\/div>\t\r\n\t\t\t\t\t\t\t\t<\/div>\t\r\n\t\t\t\t\t\t\t\t<div class=\"swiper-buttton-container\"><div class=\"swiper-button-prev dica-prev-btn-0\" data-icon=\"4\"><\/div><div class=\"swiper-button-next dica-next-btn-0\" data-icon=\"5\"><\/div><\/div>\r\n\t\t\t\t\t\t\t\t\t\t\t\t\t\t\r\n\t\t\t\t\t\t\t<\/div>\n\t\t\t\t<\/div>\n\t\t\t<\/div><div class=\"et_pb_module dica_divi_carouselitem dica_divi_carouselitem_0 et_clickable\">\n\t\t\t\t\n\t\t\t\t\n\t\t\t\t\n\t\t\t\t\n\t\t\t\t\n\t\t\t\t\n\t\t\t\t<div class=\"et_pb_module_inner\">\n\t\t\t\t\t<div class=\"dica-item image_top\" data-link=\"https:\/\/milco.ch\/laits\/#laits\"  data-hash=\"dica_divi_carouselitem_0\">\r\n\t\t\t\t\t\t\t\t\t\r\n\t\t\t\t\t\t\t\t\t<div class=\"dica-item-content\">      <h4 class=\"item-title\">Vollmilch<\/h4> <h6 class=\"item-subtitle\">1l<\/h6> <\/div>\r\n\t\t\t\t\t\t\t<\/div>\n\t\t\t\t<\/div>\n\t\t\t<\/div><div class=\"et_pb_module dica_divi_carouselitem dica_divi_carouselitem_1 et_clickable\">\n\t\t\t\t\n\t\t\t\t\n\t\t\t\t\n\t\t\t\t\n\t\t\t\t\n\t\t\t\t\n\t\t\t\t<div class=\"et_pb_module_inner\">\n\t\t\t\t\t<div class=\"dica-item image_top\" data-link=\"https:\/\/milco.ch\/laits\/#laits\"  data-hash=\"dica_divi_carouselitem_1\">\r\n\t\t\t\t\t\t\t\t\t\r\n\t\t\t\t\t\t\t\t\t<div class=\"dica-item-content\">      <h4 class=\"item-title\">Drinkmilch<\/h4> <h6 class=\"item-subtitle\">1l<\/h6> <\/div>\r\n\t\t\t\t\t\t\t<\/div>\n\t\t\t\t<\/div>\n\t\t\t<\/div><div class=\"et_pb_module dica_divi_carouselitem dica_divi_carouselitem_2\">\n\t\t\t\t\n\t\t\t\t\n\t\t\t\t\n\t\t\t\t\n\t\t\t\t\n\t\t\t\t\n\t\t\t\t<div class=\"et_pb_module_inner\">\n\t\t\t\t\t<div class=\"dica-item image_top\"   data-hash=\"dica_divi_carouselitem_2\">\r\n\t\t\t\t\t\t\t\t\t\r\n\t\t\t\t\t\t\t\t\t<div class=\"dica-item-content\">        <\/div>\r\n\t\t\t\t\t\t\t<\/div>\n\t\t\t\t<\/div>\n\t\t\t<\/div><\/p>","protected":false},"author":200466051,"featured_media":4620,"parent":0,"menu_order":0,"comment_status":"closed","ping_status":"closed","template":"","meta":{"_et_pb_use_builder":"on","_et_pb_old_content":"<!-- wp:divi\/placeholder \/-->","_et_gb_content_width":"","_coblocks_attr":"","_coblocks_dimensions":"","_coblocks_responsive_height":"","_coblocks_accordion_ie_support":"","footnotes":""},"class_list":["post-3405","page","type-page","status-publish","has-post-thumbnail","hentry"],"amp_enabled":true,"_links":{"self":[{"href":"https:\/\/www.milco.ch\/de\/wp-json\/wp\/v2\/pages\/3405","targetHints":{"allow":["GET"]}}],"collection":[{"href":"https:\/\/www.milco.ch\/de\/wp-json\/wp\/v2\/pages"}],"about":[{"href":"https:\/\/www.milco.ch\/de\/wp-json\/wp\/v2\/types\/page"}],"author":[{"embeddable":true,"href":"https:\/\/www.milco.ch\/de\/wp-json\/wp\/v2\/users\/200466051"}],"replies":[{"embeddable":true,"href":"https:\/\/www.milco.ch\/de\/wp-json\/wp\/v2\/comments?post=3405"}],"version-history":[{"count":37,"href":"https:\/\/www.milco.ch\/de\/wp-json\/wp\/v2\/pages\/3405\/revisions"}],"predecessor-version":[{"id":4665,"href":"https:\/\/www.milco.ch\/de\/wp-json\/wp\/v2\/pages\/3405\/revisions\/4665"}],"wp:featuredmedia":[{"embeddable":true,"href":"https:\/\/www.milco.ch\/de\/wp-json\/wp\/v2\/media\/4620"}],"wp:attachment":[{"href":"https:\/\/www.milco.ch\/de\/wp-json\/wp\/v2\/media?parent=3405"}],"curies":[{"name":"wp","href":"https:\/\/api.w.org\/{rel}","templated":true}]}}